{"id":943,"date":"2021-11-29T11:43:54","date_gmt":"2021-11-29T11:43:54","guid":{"rendered":"https:\/\/finiz.singidunum.ac.rs\/en\/?page_id=943"},"modified":"2021-11-29T11:43:57","modified_gmt":"2021-11-29T11:43:57","slug":"agenda-2020","status":"publish","type":"page","link":"https:\/\/finiz.singidunum.ac.rs\/en\/agenda-2020\/","title":{"rendered":"Agenda 2020"},"content":{"rendered":"\n<p><a class=\"btn btn-primary\" href=\"#\" rel=\"noopener noreferrer\" target=\"_blank\">Agenda in the PDF format<\/a><\/p>\n\n<div class=\"table-responsive\">\n<table border=\"0\" cellpadding=\"10\" class=\"agenda table table-condensed\" style=\"width:100%\">\n\t<tbody>\n\t\t<tr>\n\t\t\t<td colspan=\"2\" class=\"level0\">09.50 &#8211; 10.00 &#8211; GATHERING &amp; WELCOME VIRTUAL REFRESHMENTS<\/td>\n\t\t<\/tr>\n\t<\/tbody>\n<\/table>\n<\/div>\n\n<div class=\"table-responsive\">\n<table border=\"0\" cellpadding=\"10\" class=\"agenda table table-condensed\" style=\"width:100%\">\n\t<tbody>\n\t\t<tr>\n\t\t\t<td colspan=\"2\" class=\"level0\">10.00 &#8211; 11.30 &#8211; PLENARY SESSION<\/td>\n\t\t<\/tr>\n\t<\/tbody>\n<\/table>\n<\/div>\n\n<div class=\"table-responsive\">\n<table border=\"0\" cellpadding=\"10\" class=\"agenda table table-condensed\" style=\"width:100%\">\n\t<tbody>\n\t\t<tr>\n\t\t\t<td colspan=\"2\" class=\"level0\">11.30 &#8211; 11.35 &#8211;&nbsp;NETWORKING AND VIRTUAL REFRESHMENTS<\/td>\n\t\t<\/tr>\n\t<\/tbody>\n<\/table>\n<\/div>\n\n<div class=\"table-responsive\">\n<table border=\"0\" cellpadding=\"10\" class=\"agenda table table-condensed\" style=\"width:100%\">\n\t<tbody>\n\t\t<tr>\n\t\t\t<td colspan=\"2\" class=\"level0\">11.35 &#8211; 13.05 &#8211; PARALLEL SESSIONS (6)<\/td>\n\t\t<\/tr>\n\t<\/tbody>\n<\/table>\n<\/div>\n\n<div class=\"table-responsive\">\n<table border=\"0\" cellpadding=\"10\" class=\"agenda table table-condensed\" style=\"width:100%\">\n\t<tbody>\n\t\t<tr>\n\t\t\t<td colspan=\"2\" class=\"level0\">13.05 &#8211; 13.10 &#8211;&nbsp;NETWORKING AND VIRTUAL REFRESHMENTS<\/td>\n\t\t<\/tr>\n\t<\/tbody>\n<\/table>\n<\/div>\n\n<div class=\"table-responsive\">\n<table border=\"0\" cellpadding=\"10\" class=\"agenda table table-condensed\" style=\"width:100%\">\n\t<tbody>\n\t\t<tr>\n\t\t\t<td colspan=\"2\" class=\"level0\">13.10 &#8211; 14.40 &#8211; PARALLEL SESSIONS (3)<\/td>\n\t\t<\/tr>\n\t<\/tbody>\n<\/table>\n<\/div>\n\n<div class=\"table-responsive\">\n<table border=\"0\" cellpadding=\"10\" class=\"agenda table table-condensed\" style=\"width:100%\">\n\t<tbody>\n\t\t<tr>\n\t\t\t<td colspan=\"2\" class=\"level0\">14.45 &#8211; END OF CONFERENCE<\/td>\n\t\t<\/tr>\n\t<\/tbody>\n<\/table>\n<\/div>\n\n<div class=\"table-responsive\">\n<table border=\"0\" cellpadding=\"10\" class=\"agenda agenda table table-condensed\" style=\"width:100%\">\n\t<tbody>\n\t\t<tr>\n\t\t\t<td colspan=\"2\" class=\"level1\"><strong>PLENARY SESSION<\/strong><\/td>\n\t\t<\/tr>\n\t\t<tr>\n\t\t\t<td colspan=\"2\">Moderators:<br>\n\t\t\t<table align=\"center\" border=\"0\" cellpadding=\"0\" cellspacing=\"0\" style=\"width:100%\">\n\t\t\t\t<tbody>\n\t\t\t\t\t<tr>\n\t\t\t\t\t\t<td><a href=\"https:\/\/www.linkedin.com\/in\/goranka-knezevic-45b379131\" rel=\"noopener noreferrer\" target=\"_blank\"><img decoding=\"async\" alt=\"\" src=\"http:\/\/finiz.singidunum.ac.rs\/wp-content\/uploads\/2015\/11\/GorankaKnezevic.jpg\" style=\"width:100px\"><\/a>&nbsp;<a href=\"https:\/\/www.linkedin.com\/in\/goranka-knezevic-45b379131\/\" target=\"_blank\" rel=\"noopener noreferrer\">Goranka Kne\u017eevi\u0107, PhD<\/a><\/td>\n\t\t\t\t\t\t<td><a href=\"mailto:zpetrovic@singidunum.ac.rs \"><img decoding=\"async\" alt=\"\" src=\"http:\/\/finiz.singidunum.ac.rs\/wp-content\/uploads\/2015\/11\/ZoranPetrovic.jpg\" style=\"width:100px\"><\/a>&nbsp;Zoran Petrovi\u0107, PhD<\/td>\n\t\t\t\t\t\t<td><a href=\"https:\/\/www.linkedin.com\/in\/lidija-barjaktarovic-5a59b319\" rel=\"noopener noreferrer\" target=\"_blank\"><img decoding=\"async\" alt=\"\" src=\"http:\/\/finiz.singidunum.ac.rs\/wp-content\/uploads\/2016\/11\/LidijaBarjaktarovic.jpg\" style=\"width:100px\"><\/a>&nbsp;<a href=\"https:\/\/www.linkedin.com\/in\/lidija-barjaktarovic-5a59b319\/\" target=\"_blank\" rel=\"noopener noreferrer\">Lidija Barjaktarovi\u0107, PhD<\/a><\/td>\n\t\t\t\t\t<\/tr>\n\t\t\t\t<\/tbody>\n\t\t\t<\/table>\n\t\t\t<\/td>\n\t\t<\/tr>\n\t\t<tr>\n\t\t\t<td><a href=\"https:\/\/www.linkedin.com\/in\/nemanjastanisic\/\" rel=\"noopener noreferrer\" target=\"_blank\"><img decoding=\"async\" alt=\"\" src=\"http:\/\/finiz.singidunum.ac.rs\/wp-content\/uploads\/2019\/02\/Finiz.jpg\" style=\"width:100px\"><\/a><\/td>\n\t\t\t<td><a href=\"https:\/\/www.linkedin.com\/in\/nemanjastanisic\/\" target=\"_blank\" rel=\"noopener noreferrer\">Nemanja Stani\u0161i\u0107, Rector, Singidunum University<\/a><\/td>\n\t\t<\/tr>\n\t\t<tr>\n\t\t\t<td><a href=\"https:\/\/www.linkedin.com\/in\/marko-jankovi%C4%87-03621437\/\" rel=\"noopener noreferrer\" target=\"_blank\"><img decoding=\"async\" alt=\"\" src=\"http:\/\/finiz.singidunum.ac.rs\/wp-content\/uploads\/2020\/11\/marko-jankovic.jpg\" style=\"width:100px\"><\/a><\/td>\n\t\t\t<td><a href=\"https:\/\/www.linkedin.com\/in\/marko-jankovi%C4%87-03621437\/\" target=\"_blank\" rel=\"noopener noreferrer\">Marko Jankovi\u0107, President of Securities Commission, Republic of Serbia<\/a><\/td>\n\t\t<\/tr>\n\t\t<tr>\n\t\t\t<td><a href=\"https:\/\/www.linkedin.com\/in\/mile-sakovic-b4319529\/\" rel=\"noopener noreferrer\" target=\"_blank\"><img decoding=\"async\" alt=\"\" src=\"http:\/\/finiz.singidunum.ac.rs\/wp-content\/uploads\/2019\/11\/Milibor-Sakovic.png\" style=\"width:100px\"><\/a><\/td>\n\t\t\t<td><a href=\"https:\/\/www.linkedin.com\/in\/mile-sakovic-b4319529\/\" target=\"_blank\" rel=\"noopener noreferrer\">Milibor Sakovi\u0107, President of the Managing Board of the Union of Economic, Legal, Bureaucratic, Trade and Hospitality and Tourism Schools of the Republic of Serbia \/ Director of The First Economic School, Belgrade<\/a><\/td>\n\t\t<\/tr>\n\t\t<tr>\n\t\t\t<td><a href=\"https:\/\/www.linkedin.com\/in\/danijela-ilic-frics-rev-b9499826\/\" rel=\"noopener noreferrer\" target=\"_blank\"><img decoding=\"async\" alt=\"\" src=\"http:\/\/finiz.singidunum.ac.rs\/wp-content\/uploads\/2019\/11\/Danijela-nups.jpg\" style=\"width:100px\"><\/a><\/td>\n\t\t\t<td><a href=\"https:\/\/www.linkedin.com\/in\/danijela-ilic-frics-rev-b9499826\/\" target=\"_blank\" rel=\"noopener noreferrer\">Danijela Ili\u0107, President of National Association of Valuers of Serbia<\/a><\/td>\n\t\t<\/tr>\n\t\t<tr>\n\t\t\t<td><a href=\"https:\/\/www.linkedin.com\/in\/zoran-skobic-3a958532\/\" rel=\"noopener noreferrer\" target=\"_blank\"><img decoding=\"async\" alt=\"\" src=\"http:\/\/finiz.singidunum.ac.rs\/wp-content\/uploads\/2020\/11\/zoran-skobic.jpg\" style=\"width:100px\"><\/a><\/td>\n\t\t\t<td><a href=\"https:\/\/www.linkedin.com\/in\/zoran-skobic-3a958532\/\" target=\"_blank\" rel=\"noopener noreferrer\">Zoran \u0160kobi\u0107, Head of the education sector and coordinator of international cooperation, Serbian Association of Accountants and Auditors<\/a><\/td>\n\t\t<\/tr>\n\t\t<tr>\n\t\t\t<td><a href=\"https:\/\/www.linkedin.com\/in\/sanja-k-9b75905\/\" rel=\"noopener noreferrer\" target=\"_blank\"><img decoding=\"async\" alt=\"\" src=\"http:\/\/finiz.singidunum.ac.rs\/wp-content\/uploads\/2020\/11\/sanja-kekic.jpg\" style=\"width:100px\"><\/a><\/td>\n\t\t\t<td><a href=\"https:\/\/www.linkedin.com\/in\/sanja-k-9b75905\/\" target=\"_blank\" rel=\"noopener noreferrer\">Sanja Keki\u0107, President of ISACA Belgrade Chapter&nbsp;<\/a><\/td>\n\t\t<\/tr>\n\t\t<tr>\n\t\t\t<td><a href=\"https:\/\/www.linkedin.com\/in\/zarko-vukadinovic-512b0545\/\" rel=\"noopener noreferrer\" target=\"_blank\"><img decoding=\"async\" alt=\"\" src=\"http:\/\/finiz.singidunum.ac.rs\/wp-content\/uploads\/2020\/11\/zarko-vukadinovic.jpg\" style=\"width:100px\"><\/a><\/td>\n\t\t\t<td><a href=\"https:\/\/www.linkedin.com\/in\/zarko-vukadinovic-512b0545\/\" target=\"_blank\" rel=\"noopener noreferrer\">\u017darko Vukadinovi\u0107, President of ACFE Serbia Chapter&nbsp;<\/a><\/td>\n\t\t<\/tr>\n\t\t<tr>\n\t\t\t<td><a href=\"https:\/\/www.linkedin.com\/in\/vladimir-dasic-b749ba13\/\" rel=\"noopener noreferrer\" target=\"_blank\"><img decoding=\"async\" alt=\"\" src=\"http:\/\/finiz.singidunum.ac.rs\/wp-content\/uploads\/2020\/11\/vladimir-dasic.jpg\" style=\"width:100px\"><\/a><\/td>\n\t\t\t<td><a href=\"https:\/\/www.linkedin.com\/in\/vladimir-dasic-b749ba13\/\" target=\"_blank\" rel=\"noopener noreferrer\">Vladimir Da\u0161i\u0107, Senior Partner at BDK Advokati<\/a><\/td>\n\t\t<\/tr>\n\t<\/tbody>\n<\/table>\n<\/div>\n\n<div class=\"table-responsive\">\n<table border=\"0\" cellpadding=\"10\" class=\"agenda table table-condensed\" style=\"width:100%\">\n\t<tbody>\n\t\t<tr>\n\t\t\t<td colspan=\"2\" class=\"level0\"><strong>11.35 &#8211; 13.05 &#8211; PARALLEL SESSIONS<\/strong><\/td>\n\t\t<\/tr>\n\t<\/tbody>\n<\/table>\n<\/div>\n\n<div class=\"table-responsive\">\n<table border=\"0\" cellpadding=\"10\" class=\"agenda agenda table table-condensed\" style=\"width:100%\">\n\t<tbody>\n\t\t<tr>\n\t\t\t<td colspan=\"2\" class=\"level1\"><strong>SESSION A: &#8220;IN STEP WITH CHANGE&#8221; organized by the Association of Internal Auditors of Serbia (UIRS)<\/strong><\/td>\n\t\t<\/tr>\n\t\t<tr>\n\t\t\t<td colspan=\"2\"><strong>The session lasts till 13.25<\/strong><\/td>\n\t\t<\/tr>\n\t\t<tr>\n\t\t\t<td colspan=\"2\">Moderators:<br>\n\t\t\t<table border=\"0\" cellpadding=\"0\" cellspacing=\"0\" style=\"width:100%\">\n\t\t\t\t<tbody>\n\t\t\t\t\t<tr>\n\t\t\t\t\t\t<td><a href=\"https:\/\/www.linkedin.com\/in\/miroslav-peric-phd-b99b2228\/\"><img decoding=\"async\" alt=\"\" class=\"alignnone wp-image-1163\" src=\"http:\/\/finiz.singidunum.ac.rs\/wp-content\/uploads\/2019\/11\/miroslav-peric.jpg\" style=\"height:100px; width:100px\"><\/a>&nbsp;<a href=\"https:\/\/www.linkedin.com\/in\/miroslav-peric-phd-b99b2228\" target=\"_blank\" rel=\"noopener noreferrer\"><br>Miroslav Peri\u0107, PhD<\/a><\/td>\n\t\t\t\t\t\t<td><a href=\"https:\/\/www.linkedin.com\/in\/predrag-zindovic-cia-138b1049\/\"><img decoding=\"async\" alt=\"\" src=\"http:\/\/finiz.singidunum.ac.rs\/wp-content\/uploads\/2020\/11\/predrag-zindovic.jpg\" style=\"width:100px\"><\/a>&nbsp;<a href=\"https:\/\/www.linkedin.com\/in\/predrag-zindovic-cia-138b1049\" target=\"_blank\" rel=\"noopener noreferrer\"><br>Predrag Zindovi\u0107, Senior Internal Auditor at Komercijalna banka AD Beograd\u200b<\/a><\/td>\n\t\t\t\t\t\t<td>&nbsp;<\/td>\n\t\t\t\t\t<\/tr>\n\t\t\t\t<\/tbody>\n\t\t\t<\/table>\n\t\t\t<\/td>\n\t\t<\/tr>\n\t\t<tr>\n\t\t\t<td>\n\t\t\t<p>With the aim of adding value and keeping pace with change, internal audit has a special focus on developing IT risk management and information security techniques. Additionally, attention is paid to improving the process of automation and planning, as key factors in crisis management with special attention to risk management COVID-19 crisis. Also, one of the key processes that internal audit should implement is accepting trends of digitalization in the business operations of companies, adapting to the changed processes and business organization, achieving better efficiency, and reducing costs.<\/p>\n\t\t\t<\/td>\n\t\t<\/tr>\n\t\t<tr>\n\t\t\t<td colspan=\"2\">Speakers:<br><br>\n\n\t\t\t<div class=\"first\" style=\"width: 100%; margin-right: 3%;\"><a href=\"https:\/\/www.linkedin.com\/in\/dusanzikic\"><img decoding=\"async\" alt=\"\" src=\"http:\/\/finiz.singidunum.ac.rs\/wp-content\/uploads\/2020\/11\/dusan-zikic.jpg\" style=\"width:100px\"><\/a>\n\n\t\t\t<p><a href=\"https:\/\/www.linkedin.com\/in\/dusanzikic\" target=\"_blank\" rel=\"noopener noreferrer\">Du\u0161an \u017diki\u0107, Head of IT Audit at NIS Gazprom Neft<\/a><br>\n\t\t\tTopic: IT risk management &#8211; metrics and automation<br>\n\t\t\t&nbsp;<\/p>\n\t\t\t<\/div>\n\n\t\t\t<div class=\"first\" style=\"width: 100%; margin-right: 3%;\">\n\t\t\t<p><a href=\"https:\/\/www.linkedin.com\/in\/milicailiccisa\/\"><img decoding=\"async\" alt=\"\" src=\"http:\/\/finiz.singidunum.ac.rs\/wp-content\/uploads\/2020\/11\/milica-ilic.jpg\" style=\"width:100px\"><\/a><\/p>\n\n\t\t\t<p><a href=\"https:\/\/www.linkedin.com\/in\/milicailiccisa\/\" target=\"_blank\" rel=\"noopener noreferrer\">Milica Ili\u0107, Global head of protection and resilience at Allianz Group<\/a><br>\n\t\t\tTopic: Automation and planning: key factors for risk management<br>\n\t\t\t&nbsp;<\/p>\n\t\t\t<\/div>\n\n\t\t\t<div class=\"first\" style=\"width: 100%; margin-right: 3%;\"><a href=\"https:\/\/www.linkedin.com\/in\/miha-ozimek-13b8b812\/\"><img decoding=\"async\" alt=\"\" src=\"http:\/\/finiz.singidunum.ac.rs\/wp-content\/uploads\/2020\/11\/miha-ozimek.jpg\" style=\"width:100px\"><\/a>\n\n\t\t\t<p><a href=\"https:\/\/www.linkedin.com\/in\/miha-ozimek-13b8b812\/\" target=\"_blank\" rel=\"noopener noreferrer\">Miha Ozimek, Internal Audit Specialist, Sava Re, President of ISACA Slovenia Chapter<\/a><br>\n\t\t\tTopic: Digitization and its impact on Internal Audit<\/p>\n\t\t\t<\/div>\n\t\t\t<\/td>\n\t\t<\/tr>\n\t<\/tbody>\n<\/table>\n<\/div>\n\n<div class=\"table-responsive\">\n<table border=\"0\" cellpadding=\"10\" class=\"agenda agenda table table-condensed\" style=\"width:100%\">\n\t<tbody>\n\t\t<tr>\n\t\t\t<td colspan=\"2\" class=\"level1\"><strong>SESSION B: ACCOUNTING IN THE PERIOD OF THE COVID-19 PANDEMIC<\/strong><\/td>\n\t\t<\/tr>\n\t\t<tr>\n\t\t\t<td colspan=\"2\">&nbsp;<\/td>\n\t\t<\/tr>\n\t\t<tr>\n\t\t\t<td colspan=\"2\">Moderator:<br><br>\n\t\t\t<div class=\"first\" style=\"width: 29%; margin-right: 3%;\"><img decoding=\"async\" alt=\"\" src=\"http:\/\/finiz.singidunum.ac.rs\/wp-content\/uploads\/2015\/11\/ZoranPetrovic.jpg\" style=\"width:100px\">\n\t\t\t<p>Zoran Petrovi\u0107, PhD<\/p>\n\t\t\t<\/div>\n\t\t\t<\/td>\n\t\t<\/tr>\n\t\t<tr>\n\t\t\t<td><strong>Topics<\/strong><\/td>\n\t\t<\/tr>\n\t\t<tr>\n\t\t\t<td>1. Problems faced by accountants<\/td>\n\t\t<\/tr>\n\t\t<tr>\n\t\t\t<td>2. The impact of the pandemic on changing the way accountants work<\/td>\n\t\t<\/tr>\n\t\t<tr>\n\t\t\t<td colspan=\"2\">\n\t\t\t<p>Speakers:<\/p>\n\n\t\t\t<div class=\"first\" style=\"width: 100%; margin-right: 3%;\"><a href=\"https:\/\/www.linkedin.com\/in\/vera-loncar-b4284bb\/\"><img decoding=\"async\" alt=\"\" src=\"http:\/\/finiz.singidunum.ac.rs\/wp-content\/uploads\/2020\/11\/vera-loncar.jpg\" style=\"width:100px\"><\/a>\n\n\t\t\t<p><a href=\"https:\/\/www.linkedin.com\/in\/vera-loncar-b4284bb\/\" target=\"_blank\" rel=\"noopener noreferrer\">Vera Lon\u010dar, General manager at ACCOUNT doo Novi Sad<\/a><\/p>\n\n\t\t\t<p><a href=\"https:\/\/www.linkedin.com\/in\/snezana-mitrovic-727466a2\/\"><img decoding=\"async\" alt=\"\" src=\"http:\/\/finiz.singidunum.ac.rs\/wp-content\/uploads\/2020\/11\/snezana-mitrovic.jpg\" style=\"width:100px\"><\/a><\/p>\n\t\t\t<\/div>\n\n\t\t\t<div class=\"first\" style=\"width: 100%; margin-right: 3%;\"><a href=\"https:\/\/www.linkedin.com\/in\/snezana-mitrovic-727466a2\/\" target=\"_blank\" rel=\"noopener noreferrer\">Tomislav Gaji\u0107, docent, Univerzitet Singidunum, Fakultet zdravstvenih i poslovnih studija, Valjevo<\/a><\/div>\n\t\t\t<div class=\"first\" style=\"width: 100%; margin-right: 3%;\"><a href=\"https:\/\/www.linkedin.com\/in\/tomislav-gajic-b839a5a8\/\"><img decoding=\"async\" src=\"http:\/\/finiz.singidunum.ac.rs\/wp-content\/uploads\/2020\/11\/Tomislav-Gajic\u0301.png\" alt=\"\" width=\"100\" \/><\/a>\n<p><\/p>\nTomislav Gaji\u0107, MD, PhD, Ass. Prof, Singidunum University, Faculty of Health, Legal and Business Studies, Valjevo<\/div>\n<div class=\"first\" style=\"width: 100%; margin-right: 3%;\"><a href=\"https:\/\/www.linkedin.com\/in\/zivoslav-damnjanovic-4b3a66b\/\n\"><img decoding=\"async\" src=\"http:\/\/finiz.singidunum.ac.rs\/wp-content\/uploads\/2020\/11\/Z\u030civoslav-Damnjanovic\u0301.png\" alt=\"\" width=\"100\" \/><\/a>\n<p><\/p>\n\u017divoslav Damnjanovi\u0107, direktor prodaje, Be-terna<\/div>\n\t\t\t<\/td>\n\t\t<\/tr>\n\t<\/tbody>\n<\/table>\n<\/div>\n\n<div class=\"table-responsive\">\n<table border=\"0\" cellpadding=\"10\" class=\"agenda agenda table table-condensed\" style=\"width:100%\">\n\t<tbody>\n\t\t<tr>\n\t\t\t<td colspan=\"2\" class=\"level1\"><strong>SESSION C: EXPERIENCE-SHARING OF VISEGRAD COUNTRIES TO TAX AVOIDANCE ACTIVITY<\/strong><\/td>\n\t\t<\/tr>\n\t\t<tr>\n\t\t\t<td colspan=\"2\">Moderator:<br>\n\t\t\t<table align=\"center\" border=\"0\" cellpadding=\"0\" cellspacing=\"0\" style=\"width:100%\">\n\t\t\t\t<tbody>\n\t\t\t\t\t<tr>\n\t\t\t\t\t\t<td><a href=\"https:\/\/www.linkedin.com\/in\/lidija-barjaktarovic-5a59b319\" rel=\"noopener noreferrer\" target=\"_blank\"><img decoding=\"async\" alt=\"\" src=\"http:\/\/finiz.singidunum.ac.rs\/wp-content\/uploads\/2016\/11\/LidijaBarjaktarovic.jpg\" style=\"width:100px\"><\/a><br>Lidija Barjaktarovi\u0107, PhD<\/td>\n\t\t\t\t\t\t<td><img decoding=\"async\" alt=\"\" src=\"http:\/\/finiz.singidunum.ac.rs\/wp-content\/uploads\/2020\/11\/visegrad-fund.jpg\" style=\"width:200px\"><\/td>\n\t\t\t\t\t<\/tr>\n\t\t\t\t<\/tbody>\n\t\t\t<\/table>\n\t\t\t<\/td>\n\t\t<\/tr>\n\t\t<tr>\n\t\t\t<td>\n\t\t\t<p>&#8220;<em><strong>Experience-sharing of Visegrad countries to tax avoidance activity<\/strong><\/em>&#8221; financed by the <i>International Visegrad Fund<\/i> grant (project No. 22010083). The papers will present guidelines for adjusting the law and the impact of tax evasion on social responsibility policy in the countries of the Visegrad Group and the Republic of Serbia.<\/p>\n\t\t\t<\/td>\n\t\t<\/tr>\n\t\t<tr>\n\t\t\t<td><strong>Topic: &#8220;OPEN ISSUES OF THEORY AND PRACTICE&#8221;<\/strong><\/td>\n\t\t<\/tr>\n\t\t<tr>\n\t\t\t<td colspan=\"2\">\n\t\t\t<p>Speakers:<\/p>\n\n\t\t\t<div class=\"first\" style=\"width: 100%; margin-right: 3%;\"><a href=\"mailto:Milan.Negovanovic@privsav.rs\"><img decoding=\"async\" alt=\"\" src=\"http:\/\/finiz.singidunum.ac.rs\/wp-content\/uploads\/2020\/11\/milan-negovanovic.jpg\" style=\"width:100px\"><\/a>\n\n\t\t\t<p>Milan Negovanovi\u0107, Editor of occasional publications and organizer of professional training, Business Advisor<br>\n\t\t\tTopic: Opinions of the Ministry of Finance &#8211; the choice of rights or detours to legal uncertainty<\/p>\n\n\t\t\t<p><a href=\"https:\/\/www.linkedin.com\/in\/jelena-miljkovic-fcca-94464b57\/\"><img decoding=\"async\" alt=\"\" src=\"http:\/\/finiz.singidunum.ac.rs\/wp-content\/uploads\/2020\/11\/jelena-miljkovic.jpg\" style=\"width:100px\"><\/a><\/p>\n\n\t\t\t<p><a href=\"https:\/\/www.linkedin.com\/in\/jelena-miljkovic-fcca-94464b57\/\" target=\"_blank\" rel=\"noopener noreferrer\">Jelena Miljkovi\u0107, Director at KPMG Serbia<\/a><br>\n\t\t\tTopic: International cooperation to combating tax avoidance and evasion<\/p>\n\t\t\t<\/div>\n\t\t\t<\/td>\n\t\t<\/tr>\n\t\t<tr>\n\t\t\t<td><strong>Invited papers<\/strong><\/td>\n\t\t<\/tr>\n\t\t<tr>\n\t\t\t<td>\n\t\t\t<p>1. Piotr Luty<br>\n\t\t\t&nbsp; &nbsp; Tax avoidance in V4 countries and Serbia \u2013 influence of company size on effective tax rate<\/p>\n\t\t\t<\/td>\n\t\t<\/tr>\n\t\t<tr>\n\t\t\t<td>\n\t\t\t<p>2. Goranka Kne\u017eevi\u0107, Vladan Pavlovi\u0107, K\u0131van\u00e7 Halil Ar\u0131\u00e7<br>\n\t\t\t&nbsp; &nbsp; Does tax evasion significantly contribute to overall economic crime in Serbia?<\/p>\n\t\t\t<\/td>\n\t\t<\/tr>\n\t\t<tr>\n\t\t\t<td>3. Anja Gale\u010di\u0107, Lidija Barjaktarovi\u0107<br>\n\t\t\t&nbsp; &nbsp;&nbsp;Tax evasion, prevention measures, and detection procedures &#8211; the case of the Republic of Serbia<\/td>\n\t\t<\/tr>\n\t<\/tbody>\n<\/table>\n<\/div>\n\n<div class=\"table-responsive\">\n<table border=\"0\" cellpadding=\"10\" class=\"agenda agenda table table-condensed\" style=\"width:100%\">\n\t<tbody>\n\t\t<tr>\n\t\t\t<td colspan=\"2\" class=\"level1\"><strong>SESSION D: Digital HR<\/strong><\/td>\n\t\t<\/tr>\n\t\t<tr>\n\t\t\t<td colspan=\"2\">&nbsp;<\/td>\n\t\t<\/tr>\n\t\t<tr>\n\t\t\t<td colspan=\"2\">Moderator:<br><br>\n\t\t\t<p><a href=\"https:\/\/www.linkedin.com\/in\/lazar-drazeta-phd-9b52771a\/\"><img decoding=\"async\" alt=\"\" class=\"alignnone wp-image-1163\" src=\"http:\/\/finiz.singidunum.ac.rs\/wp-content\/uploads\/2019\/11\/lazar-drazeta.png\" style=\"height:100px; width:100px\"><\/a><br>\n\t\t\t<a href=\"https:\/\/www.linkedin.com\/in\/lazar-drazeta-phd-9b52771a\/\" target=\"_blank\" rel=\"noopener noreferrer\">Lazar Dra\u017eeta, PhD<\/a><\/p>\n\t\t\t<\/td>\n\t\t<\/tr>\n\t\t<tr>\n\t\t\t<td>Digital HR represents a paradigm of the new age and is closely related to the modern knowledge economy. In technical terms, it represents the transformation of HR services and processes using digital technologies. In terms of employee experience, it poses a challenge for every aspect of the organization&#8217;s human capital management as well as a change in the business framework in which the HR function has developed so far.<\/td>\n\t\t<\/tr>\n\t\t<tr>\n\t\t\t<td colspan=\"2\">Speakers:<br><br>\n\n\t\t\t<div class=\"first\" style=\"width: 100%; margin-right: 3%;\"><a href=\"https:\/\/www.linkedin.com\/in\/sonjajovanovic\/\"><img decoding=\"async\" alt=\"\" src=\"http:\/\/finiz.singidunum.ac.rs\/wp-content\/uploads\/2020\/11\/sonja-jovanovic.jpg\" style=\"width:100px\"><\/a><br>\n\t\t\t<a href=\"https:\/\/www.linkedin.com\/in\/sonjajovanovic\/\" target=\"_blank\" rel=\"noopener noreferrer\">Sonja Jovanovi\u0107, HR Associate Director at EY &#8211; CESA Organizational Development Team<\/a><br>\n\t\t\tTopic: Why digital EY?<\/div>\n\n\t\t\t<div class=\"first\" style=\"width: 100%; margin-right: 3%;\">&nbsp;<\/div>\n\n\t\t\t<div class=\"first\" style=\"width: 100%; margin-right: 3%;\"><a href=\"https:\/\/www.linkedin.com\/in\/natasa-pancic-8685ba4\/\"><img decoding=\"async\" alt=\"\" src=\"http:\/\/finiz.singidunum.ac.rs\/wp-content\/uploads\/2020\/11\/natasa-pancic.jpg\" style=\"width:100px\"><\/a><br>\n\t\t\t<a href=\"https:\/\/www.linkedin.com\/in\/natasa-pancic-8685ba4\/\" target=\"_blank\" rel=\"noopener noreferrer\">Nata\u0161a Pan\u010di\u0107, HR Director at East Point Holdings<br><\/a>Topic: HR in the era of digitalization<\/div>\n\n\t\t\t<div class=\"first\" style=\"width: 100%; margin-right: 3%;\">&nbsp;<\/div>\n\n\t\t\t<div class=\"first\" style=\"width: 100%; margin-right: 3%;\"><a href=\"https:\/\/www.linkedin.com\/in\/brankica-ljamic-phd-mcc-19b52223\/\"><img decoding=\"async\" alt=\"\" src=\"http:\/\/finiz.singidunum.ac.rs\/wp-content\/uploads\/2020\/11\/brankica-ljamic.jpg\" style=\"width:100px\"><\/a><br>\n\t\t\t<a href=\"https:\/\/www.linkedin.com\/in\/brankica-ljamic-phd-mcc-19b52223\/\" target=\"_blank\" rel=\"noopener noreferrer\">Brankica Ljami\u0107, Director of ICF ACSTH program &#8220;Coaching for Active Preeminence&#8221; (CAP) \/ President ICF Serbia Chapter<\/a><br>\n\t\t\tTopic: Coaching as a methodology of personal and professional development of leaders, in the light of digitalization and teleworking<\/div>\n\t\t\t<\/td>\n\t\t<\/tr>\n\t<\/tbody>\n<\/table>\n<\/div>\n\n<div class=\"table-responsive\">\n<table border=\"0\" cellpadding=\"10\" class=\"agenda agenda table table-condensed\" style=\"width:100%\">\n\t<tbody>\n\t\t<tr>\n\t\t\t<td colspan=\"2\" class=\"level1\"><strong>SESSION E: NATIONAL STANDARDS FOR REAL ESTATE VALUE ASSESSMENT: NECESSITY AND PERSPECTIVES OF POSSIBLE CHANGES in cooperation with the National Association of Appraisers of Serbia (NAVS) and the Association of Independent Court Experts and Real Estate Appraisers<\/strong><\/td>\n\t\t<\/tr>\n\t\t<tr>\n\t\t\t<td colspan=\"2\">Moderators:<br>\n\t\t\t<table border=\"0\" cellpadding=\"0\" cellspacing=\"0\" style=\"width:100%\">\n\t\t\t\t<tbody>\n\t\t\t\t\t<tr>\n\t\t\t\t\t\t<td><a href=\"https:\/\/www.linkedin.com\/in\/vule-mizdrakovi%C4%87-38661317\/\"><img decoding=\"async\" alt=\"\" src=\"http:\/\/finiz.singidunum.ac.rs\/wp-content\/uploads\/2018\/11\/Vule-Mizdrakovi\u0107.jpg\" style=\"width:100px\"><\/a>&nbsp;<a href=\"https:\/\/www.linkedin.com\/in\/vule-mizdrakovi%C4%87-38661317\" target=\"_blank\" rel=\"noopener noreferrer\"><br>Vule Mizdrakovi\u0107, PhD<\/a><\/td>\n\t\t\t\t\t\t<td><a href=\"https:\/\/www.linkedin.com\/in\/maja-kljajic-06061993\/\"><img decoding=\"async\" alt=\"\" class=\"alignnone wp-image-1163\" src=\"http:\/\/finiz.singidunum.ac.rs\/wp-content\/uploads\/2018\/11\/Maja-Gligoric.jpeg\" style=\"height:100px; width:100px\"><\/a>&nbsp;<a href=\"https:\/\/www.linkedin.com\/in\/maja-kljajic-06061993\" target=\"_blank\" rel=\"noopener noreferrer\"><br>Maja Kljaji\u0107, Assistant<\/a><\/td>\n\t\t\t\t\t\t<td>&nbsp;<\/td>\n\t\t\t\t\t<\/tr>\n\n\t\t\t\t<\/tbody>\n\t\t\t<\/table>\n\t\t\t<\/td>\n\t\t<\/tr>\n\t\t<tr>\n\t\t\t<td colspan=\"2\">Changes and development of the national and international real estate market, but also feedback from practitioners who face real problems in everyday business, cause changes in professional valuation standards, and sometimes legislation (where it exists), which regulates the procedure of real estate valuation. The Law on Real Estate Appraisers of the Republic of Serbia has been in force since 2017, and by-laws were adopted in the same year, various regulations, including national assessment standards. The question is whether it is necessary to make changes to bylaws, as well as whether it is necessary to make additional harmonization with international professional regulations. The aim of this session is a constructive discussion between the panelists and the participants of the session in order to exchange experiences, improve the understanding and application of the mentioned regulations and formulate possible proposals for changes in national legislation.<\/td>\n\t\t<\/tr>\n\t\t<tr>\n\t\t\t<td colspan=\"2\">Speakers:\n\t\t\t<p><\/p>\n\n\n\n<div class=\"first\" style=\"width: 100%; margin-right: 3%;\"><a href=\"https:\/\/www.linkedin.com\/in\/dejan-hadzic-85a95155\/\"><img decoding=\"async\" src=\"http:\/\/finiz.singidunum.ac.rs\/wp-content\/uploads\/2020\/11\/Fotografija-Dejan-Hadzic.jpg\" alt=\"\" width=\"100\" \/><\/a>\n<br><br>Dejan Had\u017ei\u0107, Head of the Insurance and Real Estate Group, Ministry of Finance of the Republic of Serbia<\/div>\n<\/div>\n<div>\n<br>\n<div class=\"first\" style=\"width: 100%; margin-right: 3%;\"><a href=\"https:\/\/www.linkedin.com\/in\/danijela-ilic-frics-rev-b9499826\/\n\"><img decoding=\"async\" src=\"http:\/\/finiz.singidunum.ac.rs\/wp-content\/uploads\/2019\/11\/Danijela-nups.jpg\" alt=\"\" width=\"100\" \/><\/a>\n<br><br>Danijela Ili\u0107, President of National Association of Valuers of Serbia<\/div>\n<\/div>\n<div>\n<br>\n<div class=\"first\" style=\"width: 100%; margin-right: 3%;\"><a href=\"https:\/\/www.linkedin.com\/in\/miki-visnjic-eng-bse-4b071264\/\"><img decoding=\"async\" src=\"http:\/\/finiz.singidunum.ac.rs\/wp-content\/uploads\/2020\/11\/miroslav-visnjic.jpg\" alt=\"\" width=\"100\" \/><\/a>\n<br><br>Miroslav Vi\u0161nji\u0107, Vice president of Association of Independent Court Experts and Real Estate Appraisers<\/div>\n\n\t\t<\/tr>\n\t<\/tbody>\n<\/table>\n<\/div>\n\n<div class=\"table-responsive\">\n<table border=\"0\" cellpadding=\"10\" class=\"agenda agenda table table-condensed\" style=\"width:100%\">\n\t<tbody>\n\t\t<tr>\n\t\t\t<td colspan=\"2\" class=\"level1\">SESSION F: SCIENTIFIC PAPERS<\/td>\n\t\t<\/tr>\n\t\t<tr>\n\t\t\t<td colspan=\"2\">Moderators:<br>\n\t\t\t<table align=\"center\" border=\"0\" cellpadding=\"0\" cellspacing=\"0\" style=\"width:100%\">\n\t\t\t\t<tbody>\n\t\t\t\t\t<tr>\n\t\t\t\t\t\t<td><a href=\"https:\/\/www.linkedin.com\/in\/nebojsa-bacanin-dzakula-6570ba75\/\"><img decoding=\"async\" alt=\"\" src=\"http:\/\/finiz.singidunum.ac.rs\/wp-content\/uploads\/2020\/11\/nebojsa-bacanin-dzakula.jpg\" style=\"width:100px\"><\/a>&nbsp;<a href=\"https:\/\/www.linkedin.com\/in\/nebojsa-bacanin-dzakula-6570ba75\/\" target=\"_blank\" rel=\"noopener noreferrer\"><br>Neboj\u0161a Ba\u010danin-D\u017eakula, PhD<\/a><\/td>\n\t\t\t\t\t\t<td><a href=\"https:\/\/www.linkedin.com\/in\/tijana-radojevic-b5042a36\/\"><img decoding=\"async\" alt=\"\" class=\"alignnone wp-image-1163\" src=\"http:\/\/finiz.singidunum.ac.rs\/wp-content\/uploads\/2018\/11\/Tijana-Radojevi\u0107.png\" style=\"height:100px; width:100px\"><\/a>&nbsp;<a href=\"https:\/\/www.linkedin.com\/in\/tijana-radojevic-b5042a36\" target=\"_blank\" rel=\"noopener noreferrer\"><br>Tijana Radojevi\u0107, PhD<\/a><\/td>\n\t\t\t\t\t\t<td><img decoding=\"async\" alt=\"\" class=\"alignnone wp-image-1163\" src=\"http:\/\/finiz.singidunum.ac.rs\/wp-content\/uploads\/2014\/11\/MPTR.jpg\" style=\"height:auto; width:200px\"><\/td>\n\t\t\t\t\t<\/tr>\n\t\t\t\t<\/tbody>\n\t\t\t<\/table>\n\t\t\t<\/td>\n\t\t<\/tr>\n\t\t<tr>\n\t\t\t<td>\n\t\t\t<p>The international scientific conference FINIZ 2020 is an ideal opportunity for all its participants to present their work and results to the general public, as well as to exchange experiences and ideas with other distinguished experts from relevant fields. Two papers, in the expanded form (30%), will be selected and proposed for publication in <em>The European Journal of Applied Economics<\/em> (M51) in an accelerated procedure.<\/p>\n\n\t\t\t<p>At this year&#8217;s FINIZ 2020 conference, the <strong>Scientific Papers<\/strong> session is divided into two parts, in which 20 papers will be presented. The database of financial and audit reports of companies from the Republic of Serbia will open this session, and then papers from various fields of the conference will be presented.<\/p>\n\t\t\t<\/td>\n\t\t<\/tr>\n\t\t<tr>\n\t\t\t<td>\n\t\t\t<div class=\"first\">\n\t\t\t<p><strong>CORPORATE GOVERNANCE<\/strong><\/p>\n\t\t\t<\/div>\n\n\t\t\t<ol>\n\t\t\t\t<li>\n\t\t\t\t<div>Empirical data on financial and audit reports of Serbian business entities<\/div>\n\t\t\t\tVule Mizdrakovi\u0107, Nenad Stani\u0107, Vladimir Miti\u0107, Ana Obradovi\u0107, Maja Kljaji\u0107, Maja Obradovi\u0107, Nemanja Stani\u0161i\u0107<\/li>\n\t\t\t<\/ol>\n\n\t\t\t<div class=\"first\">\n\t\t\t<p><strong>PAPERS FROM THE THEMATIC AREAS OF THE CONFERENCE<\/strong><\/p>\n\t\t\t<\/div>\n\n\t\t\t<ol start=\"2\">\n\t\t\t\t<li>Mihailo Todorovi\u0107, Miroslav Peri\u0107<br>\n\t\t\t\tMonetary Unit Sampling using MSExcel \u2013 Automation in external auditing<\/li>\n\t\t\t\t<li>Danko Jevtovi\u0107, Nikola Stefanovi\u0107<br>\n\t\t\t\tThe role of independent directors in corporate governance in IT companies in Serbia<\/li>\n\t\t\t\t<li>Lidija Barjaktarovic, Sanja Keki\u0107<br>\n\t\t\t\tThe influence of pandemic COVID-19 on cyber-security on the Serbian companies<\/li>\n\t\t\t\t<li>Lidija Barjaktarovi\u0107, Marko Barjaktarovi\u0107, Sne\u017eana Konjiku\u0161i\u0107<br>\n\t\t\t\tEcho State Networks Usage for Stock Price Predictions<\/li>\n\t\t\t\t<li>Vladimir Mirkovi\u0107, Marija Vuji\u010di\u0107, Dragana Andonovi\u0107 Brmalj<br>\n\t\t\t\tDoes profitability reflect company\u2019s financial health in the Republic of Serbia?<\/li>\n\t\t\t\t<li>Sne\u017eana Konjiku\u0161i\u0107, Gordana Radojevi\u0107, Ana Vjetrov<br>\n\t\t\t\tThe Implementation of Fuzzy Sets in Decision Making Process<\/li>\n\t\t\t\t<li>Marija Antonijevi\u0107, Isidora Ljumovi\u0107<br>\n\t\t\t\tInnovation and New Roles of Employees in Operational Risk Management<\/li>\n\t\t\t\t<li>Tamara Vesi\u0107, Cvetko Lazovi\u0107, Jovan Petronijevi\u0107<br>\n\t\t\t\tThe necessity of digitalization of the banking system &#8211; a chance or a threat to the development of the banking market?<\/li>\n\t\t\t\t<li>Sla\u0111ana Sredojevi\u0107, Sophia Ziakou<br>\n\t\t\t\tResilient digital financial education for Youth \u2013 European money quiz project<\/li>\n\t\t\t\t<li>Nata\u0161a Krsti\u0107<br>\n\t\t\t\tDoes Google favour its own platforms in search visibility?<\/li>\n\t\t\t\t<li>Nikola Dra\u017ei\u0107, Gordana Dra\u017ei\u0107, Nikola Raka\u0161\u0107an<br>\n\t\t\t\tPossibilities of using by-products in the circular production process in biogas power plants<\/li>\n\t\t\t\t<li>Tijana Radojevi\u0107, Tanja Stankovi\u0107, Danica Rajin<br>\n\t\t\t\tEmployee motivation in the process of managing organizational change<\/li>\n\t\t\t\t<li>Ana Radulovic, Olga Epitropaki<br>\n\t\t\t\tLeadership in virtual teams<\/li>\n\t\t\t\t<li>Rayyan Amour Al Noumani, Raihan Taqui Syed<br>\n\t\t\t\tHuman Resource Automation: Benefits and Challenges for Organizations<\/li>\n\t\t\t\t<li>Evaggelia Kiosi, Konstantinos M. Karyotakis, Kyriakos Dimitriou<br>\n\t\t\t\tCorona-virus Crisis and Effective Change Management: Ethical Implications<\/li>\n\t\t\t\t<li>Slavica Squire<br>\n\t\t\t\tContribution of Coaching Skills to Leadership<\/li>\n\t\t\t\t<li>Milo\u0161 Petkovi\u0107, Lilian Del Real Ramirez<br>\n\t\t\t\tKnowledge Management as a Driver of Company\u2019s Competitive Advantage<\/li>\n\t\t\t\t<li>Marko Pavi\u0107evi\u0107, Avetik Pashayan, Mohammad Razaul Karim<br>\n\t\t\t\tRelevance of social media in corporate world&nbsp;<\/li>\n\t\t\t\t<li>Milorad Kovjani\u0107<br>\n\t\t\t\tFraudulent financial reporting as a permanent problem for decision makers<\/li>\n\n\t\t\t<\/ol>\n\t\t\t<\/td>\n\t\t<\/tr>\n\t<\/tbody>\n<\/table>\n<\/div>\n\n<div class=\"table-responsive\">\n<table border=\"0\" cellpadding=\"10\" class=\"agenda table table-condensed\" style=\"width:100%\">\n\t<tbody>\n\t\t<tr>\n\t\t\t<td colspan=\"2\" class=\"level0\"><strong>13.10 &#8211; 14.40 &#8211; PARALLEL SESSIONS<\/strong><\/td>\n\t\t<\/tr>\n\t<\/tbody>\n<\/table>\n<\/div>\n\n<div class=\"table-responsive\">\n<table border=\"0\" cellpadding=\"10\" class=\"agenda agenda table table-condensed\" style=\"width:100%\">\n\t<tbody>\n\t\t<tr>\n\t\t\t<td colspan=\"2\" class=\"level1\"><strong>SESSION G: IN STEP WITH CURRENT TRENDS IN FINANCIAL FORENSICS<\/strong><br>\n\t\t\t<\/td>\n\t\t<\/tr>\n\t\t<tr>\n\t\t\t<td colspan=\"2\"><strong>The session will start at 13.30 (Registration for the session will start at 13.10)<\/strong><\/td>\n\t\t<\/tr>\n\t\t<tr>\n\t\t\t<td colspan=\"2\">\n\t\t\t<p>Moderators:<\/p>\n\n\t\t\t<table border=\"0\" cellpadding=\"0\" cellspacing=\"0\" style=\"width:100%\">\n\t\t\t\t<tbody>\n\t\t\t\t\t<tr>\n\t\t\t\t\t\t<td><a href=\"https:\/\/www.linkedin.com\/in\/goranka-knezevic-45b379131\"><img decoding=\"async\" alt=\"\" src=\"http:\/\/finiz.singidunum.ac.rs\/wp-content\/uploads\/2015\/11\/GorankaKnezevic.jpg\" style=\"width:100px\"><\/a>&nbsp;<br>Goranka Kne\u017eevi\u0107, PhD<\/td>\n\t\t\t\t\t\t<td><a href=\"https:\/\/www.linkedin.com\/in\/marija-kusic-radovanovic-cfe-a3b74050\/\"><img decoding=\"async\" alt=\"\" class=\"alignnone wp-image-1163\" src=\"http:\/\/finiz.singidunum.ac.rs\/wp-content\/uploads\/2020\/11\/marija-radovanovic.jpg\" style=\"height:100px; width:100px\"><\/a>&nbsp;<a href=\"https:\/\/www.linkedin.com\/in\/marija-kusic-radovanovic-cfe-a3b74050\/\" target=\"_blank\" rel=\"noopener noreferrer\"><br>Marija Radovanovi\u0107, Credit Fraud manager, Secretary ACFE Serbia Chapter<\/a><\/td>\n\t\t\t\t\t\t<td>&nbsp;<\/td>\n\t\t\t\t\t<\/tr>\n\t\t\t\t<\/tbody>\n\t\t\t<\/table>\n\t\t\t<\/td>\n\t\t<\/tr>\n\t\t<tr>\n\t\t\t<td colspan=\"2\">\n\t\t\t<p>In the conditions of business process automation, there is an increasing number of criminal acts, both due to the online environment in which business takes place after the COVID-19 pandemic and due to the fact that the criminal mind of criminal perpetrators always finds new forms of activity. In this session, we will answer the question of how to react after indications of ongoing fraudulent activity in the company. Presenting anonymous case studies from business practice is the right way to answer that question.<\/p>\n\t\t\t<\/td>\n\t\t<\/tr>\n\t\t<tr>\n\t\t\t<td colspan=\"2\">Speakers:<br><br>\n\t\t\t<p><img decoding=\"async\" alt=\"\" src=\"http:\/\/finiz.singidunum.ac.rs\/wp-content\/uploads\/2020\/11\/vesna-radeta.jpg\" style=\"width:100px\"><br>\n\t\t\tVesna Radeta, Manager of financial security, fraud and corruption prevention<\/p>\n\n\t\t\t<div class=\"first\" style=\"width: 49%; margin-right: 3%;\"><a href=\"https:\/\/www.linkedin.com\/in\/zarko-vukadinovic-512b0545\/\"><img decoding=\"async\" alt=\"\" src=\"http:\/\/finiz.singidunum.ac.rs\/wp-content\/uploads\/2020\/11\/zarko-vukadinovic-1.jpg\" style=\"width:100px\"><\/a><\/div>\n\n\t\t\t<div class=\"first\" style=\"width: 49%; margin-right: 3%;\"><a href=\"https:\/\/www.linkedin.com\/in\/zarko-vukadinovic-512b0545\/\" target=\"_blank\" rel=\"noopener noreferrer\">\u017darko Vukadinovi\u0107, President at ACFE Serbia Chapter<\/a><\/div>\n\n\t\t\t<div class=\"first\" style=\"width: 49%; margin-right: 3%;\">&nbsp;<\/div>\n\n\t\t\t<div class=\"first\" style=\"width: 49%; margin-right: 3%;\"><a href=\"https:\/\/www.linkedin.com\/in\/sanja-jovanovic-53421130\/\"><img decoding=\"async\" alt=\"\" src=\"http:\/\/finiz.singidunum.ac.rs\/wp-content\/uploads\/2020\/11\/sanja-jovanovic.jpg\" style=\"width:100px\"><\/a><\/div>\n\n\t\t\t<p><a href=\"https:\/\/www.linkedin.com\/in\/sanja-jovanovic-53421130\/\" target=\"_blank\" rel=\"noopener noreferrer\">Sanja Jovanovi\u0107, Head of department for cooperation with strategic partners at Wiener St\u00e4dtische<\/a><\/p>\n\t\t\t<\/td>\n\t\t<\/tr>\n\t<\/tbody>\n<\/table>\n<\/div>\n\n<div class=\"table-responsive\">\n<table border=\"0\" cellpadding=\"10\" class=\"agenda agenda table table-condensed\" style=\"width:100%\">\n\t<tbody>\n\t\t<tr>\n\t\t\t<td colspan=\"2\" class=\"level1\"><strong>SESSION H: EXPERIENCE-SHARING OF VISEGRAD COUNTRIES TO TAX AVOIDANCE ACTIVITY (ENG)<\/strong><\/td>\n\t\t<\/tr>\n\t\t<tr>\n\t\t\t<td colspan=\"2\">Moderators:<br>\n\t\t\t<table border=\"0\" cellpadding=\"0\" cellspacing=\"0\" style=\"width:100%\">\n\t\t\t\t<tbody>\n\t\t\t\t\t<tr>\n\t\t\t\t\t\t<td><img decoding=\"async\" alt=\"\" src=\"http:\/\/finiz.singidunum.ac.rs\/wp-content\/uploads\/2016\/11\/LidijaBarjaktarovic.jpg\" style=\"width:100px\">&nbsp;<br>Lidija Barjaktarovi\u0107, PhD<\/td>\n\t\t\t\t\t\t<td><img decoding=\"async\" alt=\"\" class=\"alignnone wp-image-1163\" src=\"http:\/\/finiz.singidunum.ac.rs\/wp-content\/uploads\/2020\/11\/piotr-luty.jpg\" style=\"height:100px; width:100px\">&nbsp;<br>Piotr Luty, PhD, Wroclaw University<\/td>\n\t\t\t\t\t\t<td><img decoding=\"async\" alt=\"\" src=\"http:\/\/finiz.singidunum.ac.rs\/wp-content\/uploads\/2020\/11\/visegrad-fund.jpg\" style=\"width:200px\"><\/td>\n\t\t\t\t\t<\/tr>\n\t\t\t\t<\/tbody>\n\t\t\t<\/table>\n\t\t\t<\/td>\n\t\t<\/tr>\n\t\t<tr>\n\t\t\t<td>\n\t\t\t<p>&#8220;<strong>Experience-sharing of Visegrad countries to tax avoidance activity<\/strong>&#8221; financed by the <i>International Visegrad Fund<\/i> grant (project No. 22010083). The papers will present guidelines for adjusting the law and the impact of tax evasion on social responsibility policy in the countries of the Visegrad Group and the Republic of Serbia.<\/p>\n\n\t\t\t<p>Other papers:<\/p>\n\t\t\t<\/td>\n\t\t<\/tr>\n\t\t<tr>\n\t\t\t<td>1. Micha\u0142 Biernacki, Piotr Luty,<br>\n\t\t\t&nbsp; &nbsp;&nbsp;Effective tax rate in V4 countries and Serbia &#8211; sectoral approach<\/td>\n\t\t<\/tr>\n\t\t<tr>\n\t\t\t<td>2. Marko Milojevi\u0107, Ivica Terzi\u0107, Sne\u017eana Stani\u0161i\u0107,<br>\n\t\t\t&nbsp; &nbsp; Using Benford&#8217;s Law to Detect Tax Evasion in Micro-Enterprises in Serbia<br>\n\t\t\t<\/td>\n\t\t<\/tr>\n\t\t<tr>\n\t\t\t<td>3. Vule Mizdrakovi\u0107, Maja Kljaji\u0107, Marija Slavkovi\u0107,<br>\n\t\t\t&nbsp; &nbsp;&nbsp;Corporate tax reporting: Effective tax rate of Serbian public entities<\/td>\n\t\t<\/tr>\n\t\t<tr>\n\t\t\t<td>4. Karolina Kuropka,<br>\n\t\t\t&nbsp; &nbsp;&nbsp;Risk analysis as a fundamental element of the capital group&#8217;s transfer pricing policy<\/td>\n\t\t<\/tr>\n\t\t<tr>\n\t\t\t<td>5. Dominika Florek,<br>\n\t\t\t&nbsp; &nbsp;&nbsp;Factors influencing the tax mentality of an average taxpayer in Poland<br>\n\t\t\t<\/td>\n\t\t<\/tr>\n\t\t<tr>\n\t\t\t<td>6. Aleksandra Kne\u017eevi\u0107,<br>\n\t\t\t&nbsp; &nbsp;&nbsp;Tax evasion in Montenegro, forms of manifestation and measures of suppression<br>\n\t\t\t<\/td>\n\t\t<\/tr>\n\t<\/tbody>\n<\/table>\n<\/div>\n\n<div class=\"table-responsive\">\n<table border=\"0\" cellpadding=\"10\" class=\"agenda agenda table table-condensed\" style=\"width:100%\">\n\t<tbody>\n\t\t<tr>\n\t\t\t<td colspan=\"2\" class=\"level1\"><strong>SESSION I: MARKETING AND AUTOMATION<\/strong><\/td>\n\t\t<\/tr>\n\t\t<tr>\n\t\t\t<td colspan=\"2\">Moderators:<br>\n\t\t\t<table border=\"0\" cellpadding=\"0\" cellspacing=\"0\" style=\"width:100%\">\n\t\t\t\t<tbody>\n\t\t\t\t\t<tr>\n\t\t\t\t\t\t<td><a href=\"https:\/\/www.linkedin.com\/in\/gajic-jelena-8952a751\/\"><img decoding=\"async\" alt=\"\" src=\"http:\/\/finiz.singidunum.ac.rs\/wp-content\/uploads\/2019\/11\/jelena-gajic.png\" style=\"width:100px\"><\/a>&nbsp;<a href=\"https:\/\/www.linkedin.com\/in\/gajic-jelena-8952a751\" target=\"_blank\" rel=\"noopener noreferrer\"><br>Jelena Gaji\u0107, PhD<\/a><\/td>\n\t\t\t\t\t\t<td><img decoding=\"async\" alt=\"\" class=\"alignnone wp-image-1163\" src=\"http:\/\/finiz.singidunum.ac.rs\/wp-content\/uploads\/2020\/11\/aleksandar-djordjevic.jpg\" style=\"height:100px; width:100px\">&nbsp;<br>Aleksandar \u0110or\u0111evi\u0107, PhD<\/td>\n\t\t\t\t\t\t<td>&nbsp;<\/td>\n\t\t\t\t\t<\/tr>\n\t\t\t\t<\/tbody>\n\t\t\t<\/table>\n\t\t\t<\/td>\n\t\t<\/tr>\n\t\t<tr>\n\t\t\t<td colspan=\"2\">\n\t\t\t<p>Automation in marketing is the latest trend in optimizing marketing activities and maximizing sales results. Thanks to this &#8220;personal assistant\u201c, it is possible to accurately identify the needs and desires of potential and existing service users, create personalized campaigns, create quality sales opportunities and monitor the results of activities. Its special contribution to modern business is: significant timesaving, facilitated implementation of activities, and detailed reporting.<\/p>\n\t\t\t<\/td>\n\t\t<\/tr>\n\t\t<tr>\n\t\t\t<td colspan=\"2\">Speakers:<br>\n\t\t\t<div class=\"first\" style=\"width: 49%; margin-right: 3%;\"><br>\n\t\t\t<a href=\"https:\/\/www.linkedin.com\/in\/aleksandarnikolic82\/\"><img decoding=\"async\" alt=\"\" src=\"http:\/\/finiz.singidunum.ac.rs\/wp-content\/uploads\/2020\/11\/aleksandar-nikolic.jpg\" style=\"width:100px\"><\/a><\/div>\n\n\t\t\t<div class=\"first\" style=\"width: 49%; margin-right: 3%;\"><a href=\"https:\/\/www.linkedin.com\/in\/aleksandarnikolic82\/\" target=\"_blank\" rel=\"noopener noreferrer\">Aleksandar Nikoli\u0107, Regional Marketing Manager at Tesla<\/a><\/div>\n\n\t\t\t<div class=\"first\" style=\"width: 49%; margin-right: 3%;\">&nbsp;<\/div>\n\n\t\t\t<div class=\"first\" style=\"width: 49%; margin-right: 3%;\"><a href=\"https:\/\/www.linkedin.com\/in\/markojovanovic92\/?originalSubdomain=rs\"><img decoding=\"async\" alt=\"\" src=\"http:\/\/finiz.singidunum.ac.rs\/wp-content\/uploads\/2020\/11\/marko-jovanovic.jpg\" style=\"width:100px\"><\/a><\/div>\n\n\t\t\t<div class=\"first\" style=\"width: 49%; margin-right: 3%;\"><a href=\"https:\/\/www.linkedin.com\/in\/markojovanovic92\/?originalSubdomain=rs\" target=\"_blank\" rel=\"noopener noreferrer\">Marko G. Jovanovi\u0107, Business development manager at Comtrade System<\/a><\/div>\n\n\t\t\t<div class=\"first\" style=\"width: 49%; margin-right: 3%;\">&nbsp;<\/div>\n\n\t\t\t<div class=\"first\" style=\"width: 49%; margin-right: 3%;\"><a href=\"https:\/\/www.linkedin.com\/in\/ana-minic-54686860\/\"><img decoding=\"async\" alt=\"\" src=\"http:\/\/finiz.singidunum.ac.rs\/wp-content\/uploads\/2020\/11\/ana-minic.jpg\" style=\"width:100px\"><\/a><\/div>\n\n\t\t\t<div class=\"first\" style=\"width: 49%; margin-right: 3%;\"><a href=\"https:\/\/www.linkedin.com\/in\/ana-minic-54686860\/\" target=\"_blank\" rel=\"noopener noreferrer\">Ana Mini\u0107,&nbsp;Head Of Human Resources at Sberbank Srbija<\/a><\/div>\n\n\t\t\t<div class=\"first\" style=\"width: 49%; margin-right: 3%;\">&nbsp;<\/div>\n\n\t\t\t<div class=\"first\" style=\"width: 49%; margin-right: 3%;\"><a href=\"https:\/\/www.linkedin.com\/in\/markovicdragana\/\"><img decoding=\"async\" alt=\"\" src=\"http:\/\/finiz.singidunum.ac.rs\/wp-content\/uploads\/2020\/11\/dragana-markovic.jpg\" style=\"width:100px\"><\/a><\/div>\n\n\t\t\t<div class=\"first\" style=\"width: 49%; margin-right: 3%;\"><a href=\"https:\/\/www.linkedin.com\/in\/markovicdragana\/\" target=\"_blank\" rel=\"noopener noreferrer\">Dragana Markovi\u0107, Business development &amp; performance director, DriveMcCann&nbsp;&nbsp;<\/a><\/div>\n\t\t\t<\/td>\n\t\t<\/tr>\n\t\t<tr>\n\t\t<\/tr>\n\t<\/tbody>\n<\/table>\n<\/div>\n\n<table border=\"0\" cellpadding=\"10\" class=\"agenda table table-condensed\" style=\"width:100%\">\n\t<tbody>\n\t\t<tr>\n\t\t\t<td colspan=\"2\" class=\"level0\">14.45 &#8211; End of Conference<\/td>\n\t\t<\/tr>\n\t<\/tbody>\n<\/table>\n","protected":false},"excerpt":{"rendered":"<p>Agenda in the PDF format 09.50 &#8211; 10.00 &#8211; GATHERING &amp; WELCOME VIRTUAL REFRESHMENTS 10.00 &#8211; 11.30 &#8211; PLENARY SESSION 11.30 &#8211; 11.35 &#8211;&nbsp;NETWORKING AND VIRTUAL REFRESHMENTS 11.35 &#8211; 13.05 &#8211; PARALLEL SESSIONS (6) 13.05 &#8211; 13.10 &#8211;&nbsp;NETWORKING AND VIRTUAL REFRESHMENTS 13.10 &#8211; 14.40 &#8211; PARALLEL SESSIONS (3) 14.45 &#8211; END OF CONFERENCE PLENARY SESSION&#8230;<\/p>\n","protected":false},"author":3,"featured_media":0,"parent":0,"menu_order":0,"comment_status":"closed","ping_status":"closed","template":"","meta":{"footnotes":""},"class_list":["post-943","page","type-page","status-publish","hentry"],"acf":[],"_links":{"self":[{"href":"https:\/\/finiz.singidunum.ac.rs\/en\/wp-json\/wp\/v2\/pages\/943","targetHints":{"allow":["GET"]}}],"collection":[{"href":"https:\/\/finiz.singidunum.ac.rs\/en\/wp-json\/wp\/v2\/pages"}],"about":[{"href":"https:\/\/finiz.singidunum.ac.rs\/en\/wp-json\/wp\/v2\/types\/page"}],"author":[{"embeddable":true,"href":"https:\/\/finiz.singidunum.ac.rs\/en\/wp-json\/wp\/v2\/users\/3"}],"replies":[{"embeddable":true,"href":"https:\/\/finiz.singidunum.ac.rs\/en\/wp-json\/wp\/v2\/comments?post=943"}],"version-history":[{"count":1,"href":"https:\/\/finiz.singidunum.ac.rs\/en\/wp-json\/wp\/v2\/pages\/943\/revisions"}],"predecessor-version":[{"id":944,"href":"https:\/\/finiz.singidunum.ac.rs\/en\/wp-json\/wp\/v2\/pages\/943\/revisions\/944"}],"wp:attachment":[{"href":"https:\/\/finiz.singidunum.ac.rs\/en\/wp-json\/wp\/v2\/media?parent=943"}],"curies":[{"name":"wp","href":"https:\/\/api.w.org\/{rel}","templated":true}]}}